{"id":15061,"date":"2025-12-15T12:03:16","date_gmt":"2025-12-15T17:03:16","guid":{"rendered":"https:\/\/www.birds.cornell.edu\/latam\/?page_id=15061"},"modified":"2026-03-24T05:52:22","modified_gmt":"2026-03-24T10:52:22","slug":"mini-becas-2026","status":"publish","type":"page","link":"https:\/\/www.birds.cornell.edu\/latam\/mini-becas-2026\/","title":{"rendered":"Mini-becas 2026"},"content":{"rendered":"\n<p id=\"block-bc0a6ce6-764e-4b46-a809-e65308a544a9\">Para este ciclo, recibimos m\u00e1s de 400 postulaciones a nuestras mini-becas 2026 para Latinoam\u00e9rica y El Caribe. Fue inspirador leer tantas propuestas promoviendo la protecci\u00f3n de las aves silvestres locales, el cuidado del medio ambiente, la creaci\u00f3n o mejora de h\u00e1bitats, la observaci\u00f3n de aves y su registro, las artes y la cultura, la capacitaci\u00f3n de otros, la ciencia participativa; y por sobre todo, el bienestar de sus propias comunidades en equilibrio con la naturaleza y sus aves.<\/p>\n\n\n\n<p id=\"block-bc0a6ce6-764e-4b46-a809-e65308a544a9\">No fue f\u00e1cil para el comit\u00e9 que evalu\u00f3 las propuestas decidir entre tantas propuestas sobresalientes. Agradecemos a todos los postulantes por todo su esfuerzo por promover el amor por las aves, la conservaci\u00f3n del medio ambiente compartido y la ciencia participativa en sus comunidades. Abajo, pueden explorar las listas de organizaciones ganadoras por tipo de mini-beca 2026.<\/p>\n\n\n\n<h4 class=\"wp-block-heading\" id=\"block-cf195b3a-acc5-4021-9885-02e4d27a5cce\">Mini-becas para apoyar eventos o serie de actividades para la comunidad <\/h4>\n\n\n\n<ul class=\"wp-block-list\">\n<li><strong>Alas de Inclusi\u00f3n<\/strong>, Colombia<\/li>\n\n\n\n<li><strong>Asociaci\u00f3n Ind\u00edgena para el Desarrollo y el Turismo Rural<\/strong>, Colombia<\/li>\n\n\n\n<li><a href=\"https:\/\/www.facebook.com\/AvesBolivianas\">Aves Bolivianas<\/a>, Bolivia<\/li>\n\n\n\n<li><a href=\"https:\/\/www.facebook.com\/p\/Guardianes-de-las-Aves-de-Totontepec-100083399978286\/\">Aves de Totontepec<\/a>, M\u00e9xico<\/li>\n\n\n\n<li><strong>Aviva Ecoatividades<\/strong>, Brasil<\/li>\n\n\n\n<li><a href=\"https:\/\/www.instagram.com\/bioturis?igsh=MWZwejVmcXQzcjFpbw\">Bioturis<\/a>, Colombia<\/li>\n\n\n\n<li><a href=\"https:\/\/www.facebook.com\/share\/1DWZFpeyeg\/\">Birdwatchers Valle del Quijos<\/a>, Ecuador<\/li>\n\n\n\n<li><a href=\"https:\/\/www.facebook.com\/profile.php?id=100064781890602\">Brigada Ecol\u00f3gica Yanachaga<\/a>, Per\u00fa<\/li>\n\n\n\n<li><a href=\"https:\/\/uyichluum.org\/\">Centro Interdisciplinario de Investigaci\u00f3n y Desarrollo Alternativo U Yich Lu&#8217;um<\/a>, M\u00e9xico<\/li>\n\n\n\n<li><a href=\"https:\/\/www.instagram.com\/ceciliacentrocultural?igsh=MWwwMXRxZXEyZTB4eQ\">Centro Cultural Comunitario Cecilia<\/a>, M\u00e9xico<\/li>\n\n\n\n<li><a href=\"https:\/\/www.instagram.com\/clubdecienciasdechapa\/\">Club de Ciencias Chapadmalal<\/a>, Argentina<\/li>\n\n\n\n<li><a href=\"https:\/\/www.instagram.com\/peuquitaschile\/\">Colectiva Feminista Peuquitas<\/a>, Chile<\/li>\n\n\n\n<li><a href=\"https:\/\/www.instagram.com\/impulso_sustentable_lek\/\">Colectivo Impulso Sustentable<\/a>, M\u00e9xico<\/li>\n\n\n\n<li><a href=\"https:\/\/www.facebook.com\/share\/1Ze2KQrrFm\/\">Comunidad Ind\u00edgena de Palmeras<\/a>, Colombia<\/li>\n\n\n\n<li><a href=\"https:\/\/www.instagram.com\/epulafkenmapu?igsh=MTVxcTdsbGNhdGppeQ%3D%3D\">Epu Lafken Mapu<\/a>, Chile<\/li>\n\n\n\n<li><strong>Escuela Alvaro Obregon<\/strong>, M\u00e9xico<\/li>\n\n\n\n<li><a href=\"https:\/\/www.instagram.com\/comunidadescueladelmar\/?hl=en\">Escuela del Mar<\/a>, Argentina<\/li>\n\n\n\n<li><a href=\"https:\/\/www.instagram.com\/esclibreypopularwallpencillo\/\">Escuela Libre y Popular Wallpencillo<\/a>, Chile<\/li>\n\n\n\n<li><a href=\"https:\/\/www.instagram.com\/fiivoiyachi\">Etno Tours Fiivo Iyachi<\/a>, Colombia<\/li>\n\n\n\n<li><a href=\"https:\/\/www.amitigra.com\/\">Fundaci\u00f3n Amitigra<\/a>, Honduras<\/li>\n\n\n\n<li><strong>Fundesines<\/strong>, Colombia<\/li>\n\n\n\n<li><a href=\"https:\/\/www.facebook.com\/profile.php?id=100088698880664#\">Guardianes del Ambic\u00e1<\/a>, Colombia<\/li>\n\n\n\n<li><a href=\"https:\/\/www.facebook.com\/share\/1CQJRKYxeu\/\">Instituci\u00f3n Educativa Centauros<\/a>, Colombia<\/li>\n\n\n\n<li><a href=\"https:\/\/www.facebook.com\/share\/1C9jBGyz9g\/\">Instituci\u00f3n Educativa Daniel Mar\u00eda L\u00f3pez Rodr\u00edguez<\/a>, Colombia<\/li>\n\n\n\n<li><a href=\"https:\/\/www.instagram.com\/iedsanbernardo?igsh=MWUyaWx2YTE3MmM2YQ==\">Instituci\u00f3n Educativa Departamental San Bernardo<\/a>, Colombia<\/li>\n\n\n\n<li><a href=\"https:\/\/www.facebook.com\/lacasa.delartista.904?locale=es_LA\">La Casa del Artista<\/a>, Nicaragua<\/li>\n\n\n\n<li><a href=\"https:\/\/www.instagram.com\/guarguaritas_ec\/\">Las Guarguaritas<\/a>, Ecuador<\/li>\n\n\n\n<li><strong>Luz divina<\/strong>, Honduras<\/li>\n\n\n\n<li><a href=\"https:\/\/www.facebook.com\/PAU.Ecatepec\">PAU Ecatepec<\/a>, M\u00e9xico<\/li>\n\n\n\n<li><strong>PAU Punta Allen<\/strong>, M\u00e9xico<\/li>\n\n\n\n<li><a href=\"https:\/\/www.instagram.com\/pau.tena_ec?igsh=MTJtOXl2NmR1bmR1\">PAU Tena<\/a>, Ecuador<\/li>\n\n\n\n<li><a href=\"https:\/\/www.facebook.com\/PAUTEPIC?rdid=t4SwLkkQBVjwNmnh&amp;share_url=https%3A%2F%2Fwww.facebook.com%2Fshare%2F1JdR2CqCWT%2F\">PAU Tepic<\/a>, M\u00e9xico<\/li>\n\n\n\n<li><a href=\"https:\/\/www.radiojuntanza.com\/nosotras-us\/\">Radio Juntanza<\/a>, Colombia<\/li>\n\n\n\n<li><a href=\"https:\/\/www.instagram.com\/ramdarien\/?hl=en\">Ra\u00edces Ambientales de Matusagarat\u00ed<\/a>, Panam\u00e1<\/li>\n\n\n\n<li><a href=\"https:\/\/www.instagram.com\/suelo.vivo.lab.permacultura?utm_source=ig_web_button_share_sheet&amp;igsh=ZDNlZDc0MzIxNw%3D%3D\">Suelo Vivo &#8211; Laboratorio de Permacultura<\/a>, Bolivia<\/li>\n\n\n\n<li><strong>Unidos para Progresar<\/strong>, Honduras<\/li>\n\n\n\n<li><a href=\"https:\/\/www.instagram.com\/uru_uru_team\/\">Uru Uru Team<\/a>, Bolivia<\/li>\n\n\n\n<li><a href=\"https:\/\/www.instagram.com\/verde_marcr\/\">Verde Mar<\/a>, Costa Rica<\/li>\n\n\n\n<li><a href=\"https:\/\/www.instagram.com\/volarsinbarreras\/\">Volar sin Barreras<\/a>, Colombia<\/li>\n\n\n\n<li><a href=\"https:\/\/www.instagram.com\/voluntariosreservaplayapenino\/\">Voluntarios Reserva Natural Playa Penino<\/a>, Uruguay<\/li>\n<\/ul>\n\n\n\n<h4 class=\"wp-block-heading\">Mini-becas para adquirir binoculares para apoyar actividades educativas<\/h4>\n\n\n\n<ul class=\"wp-block-list\">\n<li><a href=\"https:\/\/www.facebook.com\/profile.php?id=61557278284925\">Abite<\/a>, Colombia<\/li>\n\n\n\n<li><a href=\"https:\/\/www.instagram.com\/jacsmp.pe\/\">Accionando por el Clima<\/a>, Per\u00fa<\/li>\n\n\n\n<li><strong>Colectivo de Mujeres Observadoras de Aves de La Paz<\/strong>, M\u00e9xico<\/li>\n\n\n\n<li><a href=\"https:\/\/www.facebook.com\/profile.php?id=61568429896558\">Asociaci\u00f3n Pishi Ya Patrimonio Cultural Misak<\/a>, Colombia<\/li>\n\n\n\n<li><a href=\"https:\/\/www.instagram.com\/atlanticobirding\/?hl=en\">Atl\u00e1ntico Birding<\/a>, Colombia<\/li>\n\n\n\n<li><strong>Aves Urbanas de Ibagu\u00e9<\/strong>, Colombia<\/li>\n\n\n\n<li><a href=\"https:\/\/www.facebook.com\/BrigadaAlexanderSkutch\/\">Brigada Alexander Skutch<\/a>, Costa Rica<\/li>\n\n\n\n<li><a href=\"https:\/\/www.facebook.com\/kuxaankaaxjmm\">Centro de Conservaci\u00f3n y Educaci\u00f3n Ambiental &#8211; Kuxa&#8217;an K&#8217;aax<\/a>, M\u00e9xico<\/li>\n\n\n\n<li><a href=\"https:\/\/www.instagram.com\/cigarra_de_sal\/\">Cigarra de Sal<\/a>, M\u00e9xico<\/li>\n\n\n\n<li><a href=\"https:\/\/www.instagram.com\/circuitodelasaves?igsh=azY2cTAwZ3o5cjM0&amp;utm_source=qr\">Circuito de las Aves<\/a>, Paraguay<\/li>\n\n\n\n<li><a href=\"https:\/\/www.instagram.com\/clubambiental.elbrotal\/\">Club Ambiental el Brotal<\/a>, Argentina<\/li>\n\n\n\n<li><strong>Colectivo Pukuy<\/strong>, Per\u00fa<\/li>\n\n\n\n<li><strong>Comunidad Indigena U\u00f1un Mapu<\/strong>, Chile<\/li>\n\n\n\n<li><a href=\"https:\/\/www.facebook.com\/p\/Corporaci%C3%B3n-Biosepaz-61572993698636\/\">Corporaci\u00f3n Biosepaz<\/a>, Colombia<\/li>\n\n\n\n<li><a href=\"https:\/\/www.instagram.com\/correntinosclim\/\">Correntinos Contra el Cambio Clim\u00e1tico<\/a>, Argentina<\/li>\n\n\n\n<li><a href=\"https:\/\/www.instagram.com\/brigadaharpiajba?igsh=ejY2NjljZTRrdzZ5\">Ecoclub Brigada Harp\u00eda<\/a>, Panam\u00e1<\/li>\n\n\n\n<li><a href=\"https:\/\/www.facebook.com\/esmatur.mice\">Empresa de Servicios Multiples Ambiental para el Turismo Rural<\/a>, Honduras<\/li>\n\n\n\n<li><a href=\"https:\/\/www.instagram.com\/galbainduub?igsh=MWlxcnkwZHg2ZWExMA%3D%3D\">Galbain Duub<\/a>, M\u00e9xico<\/li>\n\n\n\n<li><a href=\"https:\/\/www.facebook.com\/gallito.de.roca.2025\">Gallito de Roca<\/a>, Colombia<\/li>\n\n\n\n<li><a href=\"https:\/\/www.instagram.com\/grupocorocora\/\">Grupo Corocora &#8211; Colectivo Ornitol\u00f3gico de Observaci\u00f3n y Conservaci\u00f3n para la Restauraci\u00f3n Ambiental<\/a>, Colombia<\/li>\n\n\n\n<li><strong>Grupo de Monitoreo de la Instituci\u00f3n Educativa Rural Ecologica el Cuemb\u00ed<\/strong>, Colombia<\/li>\n\n\n\n<li><strong>Hipilandia<\/strong>, Colombia<\/li>\n\n\n\n<li><a href=\"https:\/\/www.instagram.com\/huertonitosurbanos\/?hl=en\">Huertonitosurbanos<\/a>, M\u00e9xico<\/li>\n\n\n\n<li><a href=\"https:\/\/www.instagram.com\/avescolombia.06\/\">Instituci\u00f3n Educativa Gregorio Guti\u00e9rrez Gonz\u00e1lez<\/a>, Colombia<\/li>\n\n\n\n<li><a href=\"https:\/\/www.facebook.com\/ierporcesito\">Instituci\u00f3n Educativa Rural Porcesito<\/a>, Colombia<\/li>\n\n\n\n<li><a href=\"https:\/\/www.instagram.com\/locosporplayapascual\">Locos por Playa Pascual<\/a>, Uruguay<\/li>\n\n\n\n<li><a href=\"https:\/\/ninandesmanizales.com\/\">Ni\u00f1os de los Andes<\/a>, Colombia<\/li>\n\n\n\n<li><strong>Pajareando en las Alturas<\/strong>, Colombia<\/li>\n\n\n\n<li><a href=\"https:\/\/www.instagram.com\/pajarerasdeldesierto\/\">Pajareras del Desierto<\/a>, M\u00e9xico<\/li>\n\n\n\n<li><a href=\"https:\/\/www.instagram.com\/pajarones_ccp\/?hl=en\">Pajarones CCP<\/a>, Chile<\/li>\n\n\n\n<li><a href=\"https:\/\/www.instagram.com\/passarinhandonovale\/?hl=en\">Passarinhando no Vale &amp; Horto Comunit\u00e1rio Vale Flora<\/a>, Brasil<\/li>\n\n\n\n<li><a href=\"https:\/\/www.instagram.com\/rutabiodiversabosa\/\">Passiflora Arte<\/a>, Colombia<\/li>\n\n\n\n<li><a href=\"https:\/\/www.facebook.com\/profile.php?id=61550323484169&amp;rdid=dwMqCv7MdtRGToul&amp;share_url=https%3A%2F%2Fwww.facebook.com%2Fshare%2F19fMfwDkos%2F\">Ra\u00edces del Territorio<\/a>, M\u00e9xico<\/li>\n\n\n\n<li><a href=\"https:\/\/www.facebook.com\/jacbarriovocacional.quimbaya?_rdc=1&amp;_rdr#\">Semillero Resiliencia<\/a>, Colombia<\/li>\n\n\n\n<li><a href=\"https:\/\/www.schoolandcollegelistings.com\/PA\/Ciudad-de-David\/679717802137495\/Icades-Unachi\">Universidad Aut\u00f3noma de Chiriqu\u00ed<\/a>, Panam\u00e1<\/li>\n\n\n\n<li><a href=\"https:\/\/www.facebook.com\/jhuzmynabohorquez\/\">Voces de Esperanza<\/a>, Colombia<\/li>\n<\/ul>\n\n\n\n<p><\/p>\n\n\n\n<h4 class=\"wp-block-heading\">Mini-becas para apoyar talleres para educadores y l\u00edderes comunitarios<\/h4>\n\n\n\n<ul class=\"wp-block-list\">\n<li><a href=\"https:\/\/www.instagram.com\/yecosdelinco\/\">Academia Cient\u00edfica Escolar Yecos del INCO<\/a>, Chile<\/li>\n\n\n\n<li><strong>Con Ciencia Ciudadana<\/strong>, Puerto Rico<\/li>\n\n\n\n<li><a href=\"https:\/\/www.facebook.com\/colectivakohabitantes.wallmapu\/?_rdc=1&amp;_rdr\">Colectiva Ko-habitantes<\/a>, Chile<\/li>\n\n\n\n<li><a href=\"https:\/\/terrapeninsular.org\/\">Terra Peninsular AC<\/a>, M\u00e9xico<\/li>\n<\/ul>\n\n\n\n<p><\/p>\n","protected":false},"excerpt":{"rendered":"<p>Para este ciclo, recibimos m\u00e1s de 400 postulaciones a nuestras mini-becas 2026 para Latinoam\u00e9rica y El Caribe. Fue inspirador leer tantas propuestas promoviendo la protecci\u00f3n de las aves silvestres locales, el cuidado del medio ambiente, la creaci\u00f3n o mejora de h\u00e1bitats, la observaci\u00f3n de aves y su registro, las artes y la cultura, la capacitaci\u00f3n<a class=\"excerpt-read-more\" href=\"https:\/\/www.birds.cornell.edu\/latam\/mini-becas-2026\/\" title=\"ReadMini-becas 2026\">&#8230; Read more &raquo;<\/a><\/p>\n","protected":false},"author":2,"featured_media":0,"parent":0,"menu_order":0,"comment_status":"closed","ping_status":"closed","template":"","meta":{"_birdpress_hero_toggle":true,"_birdpress_hero_type":"image","_birdpress_hero_image_type":"image","_birdpress_hero_style":"textured-glass left","_birdpress_hero_ratio":"","_birdpress_hero_h1":"Mini-becas 2026: \u00a1Felicitaciones a los finalistas!","_birdpress_hero_media_id":15065,"_birdpress_hero_media_array_id":[],"_birdpress_hero_media_array":[],"_birdpress_hero_media":0,"_birdpress_hero_video_id":0,"_birdpress_hero_video":0,"_birdpress_hero_youtube":"","_birdpress_hero_content":true,"_birdpress_hero_byline":"","_birdpress_hero_byline_bottom":"","_birdpress_hero_button_link":"","_birdpress_hero_button_text":"","_birdpress_hero_button_color":"","_birdpress_hero_date":false,"original_guid":"","_birdpress_hide_search":false,"_birdpress_page_width":"","_birdpress_global_cta":false,"_birdpress_widget_sidebar":"","_birdpress_next_article":0,"_birdpress_next_article_title":"","_birdpress_prev_article":0,"_birdpress_prev_article_title":"","_birdpress_sub_navigation_id":0,"_birdpress_sub_navigation":"","_birdpress_sub_navigation_title":false,"_birdpress_anchor_navigation_id":0,"_birdpress_anchor_navigation":"","_birdpress_postType":"both","_birdpress_categoryID":0,"_birdpress_tagID":0,"_birdpress_parentPostID":0,"_birdpress_parentPostTitle":"","_birdpress_menuID":0,"_birdpress_menuName":"","_birdpress_listHeader":"","_birdpress_listLayout":"card-display","_birdpress_listColumns":"","_birdpress_maxItems":12,"_birdpress_listPaginate":true,"_birdpress_displaySort":true,"_birdpress_sortOrder":"DESC","_birdpress_sortBy":"date","_birdpress_listID":"","_birdpress_listClass":"","_birdpress_displayImages":true,"_birdpress_displayCaptions":false,"_birdpress_displayExcerpts":false,"_birdpress_attTop":"","_birdpress_attBottom":"","_birdpress_showLogos":false,"_birdpress_post_logo":0,"footnotes":""},"class_list":["post-15061","page","type-page","status-publish","hentry"],"lang":"es","translations":{"es":15061,"en":15074},"pll_sync_post":[],"_links":{"self":[{"href":"https:\/\/www.birds.cornell.edu\/latam\/wp-json\/wp\/v2\/pages\/15061","targetHints":{"allow":["GET"]}}],"collection":[{"href":"https:\/\/www.birds.cornell.edu\/latam\/wp-json\/wp\/v2\/pages"}],"about":[{"href":"https:\/\/www.birds.cornell.edu\/latam\/wp-json\/wp\/v2\/types\/page"}],"author":[{"embeddable":true,"href":"https:\/\/www.birds.cornell.edu\/latam\/wp-json\/wp\/v2\/users\/2"}],"replies":[{"embeddable":true,"href":"https:\/\/www.birds.cornell.edu\/latam\/wp-json\/wp\/v2\/comments?post=15061"}],"version-history":[{"count":1,"href":"https:\/\/www.birds.cornell.edu\/latam\/wp-json\/wp\/v2\/pages\/15061\/revisions"}],"predecessor-version":[{"id":15706,"href":"https:\/\/www.birds.cornell.edu\/latam\/wp-json\/wp\/v2\/pages\/15061\/revisions\/15706"}],"wp:attachment":[{"href":"https:\/\/www.birds.cornell.edu\/latam\/wp-json\/wp\/v2\/media?parent=15061"}],"curies":[{"name":"wp","href":"https:\/\/api.w.org\/{rel}","templated":true}]}}